{"id":40,"date":"2014-07-07T20:00:24","date_gmt":"2014-07-07T20:00:24","guid":{"rendered":"http:\/\/intendo-plus.com\/zuhcsd\/?page_id=40"},"modified":"2022-10-14T21:08:00","modified_gmt":"2022-10-14T21:08:00","slug":"najava-aktivnosti","status":"publish","type":"page","link":"https:\/\/intendo-plus.com\/zuhcsd\/?page_id=40","title":{"rendered":"Najava aktivnosti"},"content":{"rendered":"\n<ul><li><strong><em>Sportsko-rekreativni i kreativni susreti civilnih stradalnika iz Domovinskog rata Hrvatske<\/em><\/strong> odr\u017eat \u0107e se od 21. do 23. listopada 2022. godine u Daruvarskim toplicama uz potporu Ministarstva hrvatskih branitelja.<\/li><\/ul>\n\n\n<p><span style=\"color: #1c1e21;\">Zajednica udruga hrvatskih civilnih stradalnika iz Domovinskog rata uz potporu Nacionalne zaklade za razvoj civilnog dru\u0161tva organizira edukaciju <strong>&#8220;Pravila protokola i poslovni bonton&#8221;<\/strong>.&nbsp;<\/span><br style=\"color: #1c1e21;\"><span style=\"color: #1c1e21;\">Edukacija \u0107e se odr\u017eati <strong>15.lipnja 2019. godine u Hotelu Palace (Trg Josipa Jurja Strossmayera 10) u Zagrebu u trajanju od 10:00 do 17:30 sati.<\/strong><\/span><br style=\"color: #1c1e21;\"><span style=\"color: #1c1e21;\">Predava\u010dica na edukaciji \u0107e biti <strong>veleposlanica Milada Privora<\/strong>.&nbsp;<\/span>Diplomatsku akademiju Ministarstva vanjskih poslova RH zavr\u0161ila je 1996.g.Od 2009.g. pre<span class=\"text_exposed_show\">dava\u010d je Diplomatskog protokola na Visokoj \u0161koli me\u0111unarodnih odnosa i diplomacije Dag Hammarskj\u00f6ld.<\/span>Nakon desetogodi\u0161njeg iskustva na poslovima PR-a i protokola u Industrogradnji d.o.o., 1994.g imenovana je zamjenicom ravnatelja Dr\u017eavnog protokola Predsjednika Republike Hrvatske. Odlukom predsjednika dr\u017eave 2000.g. imenovana je ravnateljicom Dr\u017eavnog protokola i veleposlanicom u Ministarstvu vanjskih poslova RH te \u0161eficom protokola predsjednika Republike Hrvatske rade\u0107i direktno s predsjednikom.Sudjelovala je na me\u0111unarodnim konferencijama o protokolu te na brojnim bilateralnim i multilateralnim susretima u zemlji i inozemstvu.Pripremila je mnogobrojne dr\u017eavne i radne susrete Predsjednika dr\u017eave s vode\u0107im svjetskim dr\u017eavnicima, kraljevima, princezama, prin\u010devima, sultanima, od kojih svakako me\u0111u najzna\u010dajnijim i najzahtjevnijim treba izdvojiti dva posjeta svetog Oca Pape Republici Hrvatskoj.Predavala je u Centru za poslijediplomske studije Filozofskog fakulteta u Zagrebu za simultane i konsekutivne prevoditelje, u Hrvatskom vojnom u\u010dili\u0161tu \u201cPetar Zrinski\u201d (danas \u201cdr.Franjo Tu\u0111man\u201d), Ratnoj \u0161koli \u201cban Josip Jela\u010di\u0107\u201d, kada izdaje s Dr\u017eislavom Tadi\u0107em 2008.g knjigu \u201cSkripta Protokolarne aktivnosti\u201d, u Londonskoj \u0161koli za odnose s javno\u0161\u0107u, gost je predava\u010d na Fakultetu politi\u010dkih znanosti Sveu\u010dili\u0161ta u Zagrebu na poslijediplomskom specijalisti\u010dkom studiju, te na poslijediplomskom studiju menad\u017ementa u zdravstvu.Uprava Hrvatske akademije znanosti i umjetnosti 2012.g. imenuje ju posebnom savjetnicom Akademijine uprave za protokolarne, ceremonijalne i organizacijske poslove Akademijinih programa.<\/p>\n<p>&nbsp;<\/p>\n<p>&nbsp;<\/p>\n<p><strong>7. prosinca s po\u010detkom u 12 sati<\/strong> u organizaciji Zajednice udruga hrvatskih civilnih stradalnika iz Domovinskog rata te uz financijsku potporu Nacionalne zaklade za razvoj civilnog dru\u0161tva odr\u017eat \u0107e se tribina &#8220;Psiholo\u0161ke posljedice rata na djecu \u017ertve rata&#8221;.<br>Predava\u010dica na tribini \u0107e biti <strong>dr.sc.Gordana Kuterovac Jagodi\u0107<\/strong>, profesorica na Katedri za razvojnu psihologiju Filozofskog fakulteta u Zagrebu.<\/p>\n<p><span style=\"color: #1d2129;\"><strong>U \u010detvrtak, 14.lipnja 2018.<\/strong> u organizaciji Zajednice udruga i uz potporu Nacionalne zaklade za razvoj civilnog dru\u0161tva odr\u017eat \u0107e se predavanje <strong>&#8220;Javne politike u Hrvatskoj&#8221;<\/strong>.<\/span><br style=\"color: #1d2129;\"><span style=\"color: #1d2129;\">Predavanje \u0107e odr\u017eati <strong>doc.dr.sc Ana Petek<\/strong> s Fakulteta politi\u010dkih znanosti u Zagrebu.<\/span><\/p>\n<p><strong>26. svibnja u Slavonskom Brodu<\/strong> pod visokim pokroviteljstvom Predsjednice RH Kolinde Grabar Kitarovi\u0107 odr\u017eat \u0107e se Susret obitelji poginule djece u Domovinskom ratu <strong>&#8220;Mali kri\u017e-Velika \u017ertva&#8221;<\/strong><\/p>\n<p>21. travnja 2018. odr\u017eat \u0107e se VII. Izborni Sabor Zajednice udruga u Zagrebu, s po\u010detkom u 11 sati.<\/p>\n<p><strong>2.prosinca 2017<\/strong>.u organizaciji Zajednice udruga hrvatskih civilnih stradalnika iz Domovinskog rata Hrvatske odr\u017eat \u0107e se edukacija pod nazivom<strong> &#8220;Tehnike uspje\u0161nog<br>komuniciranja s javno\u0161\u0107u&#8221;<\/strong>. Edukacija \u0107e se odr\u017eati u hotelu Dubrovnik u Zagrebu, dvorana ban Frankopan. Edukaciji \u0107e prisustvovati 22 sudionika iz Zajednice udruga i iz Saveza<br>udruga obitelji zato\u010denih i nestalih hrvatskih branitelja. Sudionici \u0107e se upoznati s va\u017eno\u0161\u0107u dvosmjerne komunikacije, pojmom odnosa s javno\u0161\u0107u te \u0107e u radionicama imati prilike<br>nau\u010diti kako napisati priop\u0107enje za medije, kako napisati poslovni dopis, kako u izjavi za medije prenijeti klju\u010dne poruke i tako\u0111er \u0107e upoznati temeljna obilje\u017eja komunikacije<br>na dru\u0161tvenim mre\u017eama. Polaznici \u0107e i samostalno izraditi vlastiti dopis, vlastite izjave za medije i priop\u0107enja. Predava\u010d je stru\u010dna osoba, sa Edward Bernays Visoke \u0161kole za komunikacijski menad\u017ement. Za sve polaznike edukacije organiziran je zajedni\u010dki ru\u010dak.<\/p>\n<p><strong>Sportsko-rekreativni i kreativni susret civilnih stradalnika Domovinskog rata<\/strong> odr\u017eat \u0107e se od <strong>28.rujna do 1.listopada u Hotelu Selce u Selcu.<\/strong><\/p>\n<p>Obilje\u017eavanje <strong>Me\u0111unarodnog dana nestalih 30. kolovoza 2017.<\/strong> godine odr\u017eat \u0107e se u <strong>Osijeku. <\/strong><br>Obilje\u017eavanje \u0107e se odr\u017eati uz visoko pokroviteljstvo predsjednice Republike Hrvatske Kolinde Grabar Kitarovi\u0107,<br>pokroviteljstvo Ministarstva hrvatskih branitelja, supokroviteljstvo i potporu Osje\u010dko-baranjske \u017eupanije, Grada Osijeka, Grada Zagreba,Hrvatskog Crvenog kri\u017ea i ICRC-a.<\/p>\n<p><a href=\"http:\/\/intendo-plus.com\/zuhcsd\/wp-content\/uploads\/2014\/07\/calendar.jpg\"><img decoding=\"async\" loading=\"lazy\" class=\"size-medium wp-image-70 aligncenter\" src=\"http:\/\/intendo-plus.com\/zuhcsd\/wp-content\/uploads\/2014\/07\/calendar-320x179.jpg\" alt=\"calendar\" width=\"300\" height=\"167\" srcset=\"https:\/\/intendo-plus.com\/zuhcsd\/wp-content\/uploads\/2014\/07\/calendar-320x179.jpg 320w, https:\/\/intendo-plus.com\/zuhcsd\/wp-content\/uploads\/2014\/07\/calendar-540x303.jpg 540w\" sizes=\"(max-width: 300px) 100vw, 300px\" \/><\/a><\/p>\n<p>&nbsp;<\/p>\n<p>&nbsp;<\/p>\n<p><strong>Sportsko-rekreativni i kreativni susret<\/strong>i civilnih stradalnika Domovinskog rata Hrvatske odr\u017eat \u0107e se u Selcu od 20. do 23.rujna 2015.godine<\/p>\n<p><span style=\"color: #141823;\">U ponedjeljak, 8. prosinca 2014. godine s po\u010detkom u 10:45 sati u <strong>O\u0160 Dragutina Tadijanovi\u0107a u Petrinji odr\u017eat \u0107e se tribina &#8220;Djeca u minskom okru\u017eenju&#8221;<\/strong>.&nbsp;<\/span><br style=\"color: #141823;\"><span style=\"color: #141823;\">Organizator ovih tribina je Zajednica udruga hrvatskih civilnih stradalnika iz Domovinskog rata Hrvatske a predava\u010di kao i na dosada\u0161njim tribinama: predstavnici HCR-a, Hrvatskog Crvenog kri\u017ea, MUP-a (Ravnateljstvo policije, Uprava policije &#8211; Protueksplozijska slu\u017eba)&#8230;<\/span><\/p>\n<p>&nbsp;<\/p>\n<p><strong><span style=\"color: #141823;\">27.studenog 2014. u &nbsp;Zadru \u0107e se odr\u017eati Okrugli stol &#8220;Reparacije civilnih \u017ertava rata&#8221;. Organizator Okruglog stola je Documenta &#8211; Centar za suo\u010davanje s pro\u0161lo\u0161\u0107u\/Europski dom Vukovar<\/span><\/strong><\/p>\n<p><strong><span style=\"color: #141823;\"> u suradnji sa&nbsp;<\/span>Zajednicom udruga hrvatskih civilnih stradalnika iz Domovinskog rata Hrvatske.<\/strong><\/p>\n<p>&nbsp;<\/p>\n<p><strong>U petak 17. listopada, &nbsp;u&nbsp;Osnovnoj \u0161koli Skradin u Skradin, odr\u017eat \u0107e se Tribina &#8220;Djeca u minskom okru\u017eenju&#8221;.<\/strong><\/p>\n<p>Predava\u010di na tribini su predstavnici Hrvatskog centra za razminiranje, Hrvatskog Crvenog kri\u017ea i MUP-a, Protueksplozijske slu\u017ebe. Podru\u010dje je odabrano po preporuci Hrvatskog centra za razminiranje jer je jo\u0161 uvijek zaga\u0111eno minsko-eksplozivnim napravama.<\/p>\n<p><strong>20. listopada 2014. s po\u010detkom u 12 sati odr\u017eat \u0107e se tribina &#8220;Djeca u minskom okru\u017eenju&#8221; u Osnovnoj \u0161koli Stari Jankovci u Starim Jankovcima.<\/strong><\/p>\n<p><strong>Od rujna do kraja 2014. odr\u017eat \u0107e se \u010detiri Tribine &#8220;Djeca u minskom okru\u017eenju&#8221; u mjestima po dogovoru sa Hrvatskim centrom za razminiranje.<\/strong><\/p>\n<p>&nbsp;<\/p>\n\n\n<p><strong><em>Sportsko-rekreativn ii kreativni susreti civilnih stradalnika iz Domovinskog rata Hrvatske<\/em><\/strong> odr\u017eat \u0107e se od 21. do 23. listopada 2022.godine u Daruvarskim toplicama uz potporu Ministarstva hrvatskih branitelja.<\/p>\n","protected":false},"excerpt":{"rendered":"<p>Sportsko-rekreativni i kreativni susreti civilnih stradalnika iz Domovinskog rata Hrvatske odr\u017eat \u0107e se od 21. do 23. listopada 2022. godine u Daruvarskim toplicama uz potporu Ministarstva hrvatskih branitelja. Zajednica udruga hrvatskih civilnih stradalnika iz Domovinskog rata uz potporu Nacionalne zaklade za razvoj civilnog dru\u0161tva organizira edukaciju &#8220;Pravila protokola i poslovni bonton&#8221;.&nbsp;Edukacija \u0107e se odr\u017eati 15.lipnja&#8230; <a class=\"more\" href=\"https:\/\/intendo-plus.com\/zuhcsd\/?page_id=40\">Continue reading &rarr;<\/a><\/p>\n","protected":false},"author":1,"featured_media":0,"parent":0,"menu_order":0,"comment_status":"closed","ping_status":"closed","template":"","meta":{"ngg_post_thumbnail":0},"_links":{"self":[{"href":"https:\/\/intendo-plus.com\/zuhcsd\/index.php?rest_route=\/wp\/v2\/pages\/40"}],"collection":[{"href":"https:\/\/intendo-plus.com\/zuhcsd\/index.php?rest_route=\/wp\/v2\/pages"}],"about":[{"href":"https:\/\/intendo-plus.com\/zuhcsd\/index.php?rest_route=\/wp\/v2\/types\/page"}],"author":[{"embeddable":true,"href":"https:\/\/intendo-plus.com\/zuhcsd\/index.php?rest_route=\/wp\/v2\/users\/1"}],"replies":[{"embeddable":true,"href":"https:\/\/intendo-plus.com\/zuhcsd\/index.php?rest_route=%2Fwp%2Fv2%2Fcomments&post=40"}],"version-history":[{"count":28,"href":"https:\/\/intendo-plus.com\/zuhcsd\/index.php?rest_route=\/wp\/v2\/pages\/40\/revisions"}],"predecessor-version":[{"id":2836,"href":"https:\/\/intendo-plus.com\/zuhcsd\/index.php?rest_route=\/wp\/v2\/pages\/40\/revisions\/2836"}],"wp:attachment":[{"href":"https:\/\/intendo-plus.com\/zuhcsd\/index.php?rest_route=%2Fwp%2Fv2%2Fmedia&parent=40"}],"curies":[{"name":"wp","href":"https:\/\/api.w.org\/{rel}","templated":true}]}}